{"id":5895,"date":"2021-06-03T17:34:13","date_gmt":"2021-06-03T15:34:13","guid":{"rendered":"https:\/\/xxx.incograin.com\/?page_id=5895"},"modified":"2021-06-03T17:34:13","modified_gmt":"2021-06-03T15:34:13","slug":"privacy-policy","status":"publish","type":"page","link":"https:\/\/www.incograin.com\/index.php\/en\/privacy-policy\/","title":{"rendered":"Privacy Policy"},"content":{"rendered":"<p>[et_pb_section fb_built=&#8221;1&#8243; _builder_version=&#8221;4.4.2&#8243; custom_margin=&#8221;-10px|||||&#8221; custom_padding=&#8221;47px|||||&#8221;][et_pb_row _builder_version=&#8221;4.0.6&#8243; module_alignment=&#8221;center&#8221; custom_margin=&#8221;|558px||auto||&#8221;][et_pb_column type=&#8221;4_4&#8243; _builder_version=&#8221;4.4.2&#8243;][et_pb_text _builder_version=&#8221;4.9.4&#8243; link_text_color=&#8221;#8bad1a&#8221; header_font=&#8221;|700|||on||||&#8221; header_text_color=&#8221;#7cda24&#8243; header_2_font=&#8221;||||||||&#8221; header_2_text_color=&#8221;#8bad1a&#8221; header_2_font_size=&#8221;60px&#8221; header_2_letter_spacing=&#8221;2px&#8221; header_3_font=&#8221;||||||||&#8221; header_3_text_color=&#8221;#00557c&#8221; header_3_font_size=&#8221;28px&#8221; header_3_letter_spacing=&#8221;1px&#8221; hover_enabled=&#8221;0&#8243; sticky_enabled=&#8221;0&#8243;]<\/p>\n<h2>Privacy Policy<\/h2>\n<p>&nbsp;<\/p>\n<h3><strong>Introduction<\/strong><\/h3>\n<p><span>la soci\u00e9t\u00e9 SYNDICAT DE PARIS DU COMMERCE ET DES INDUSTRIES DES GRAINS<\/span>, immatricul\u00e9e au Registre du Commerce et des Soci\u00e9t\u00e9s de\u00a0<span>PARIS<\/span> sous le num\u00e9ro\u00a0<span>529 882 797<\/span>\u00a0est amen\u00e9e \u00e0 collecter des donn\u00e9es personnelles dans le cadre de son activit\u00e9 professionnelle.<\/p>\n<p>En vous rendant sur notre site Internet<span style=\"color: #800000;\"><a href=\"https:\/\/xxx.incograin.com\/\"><strong><span style=\"color: #99cc00;\"> xxx.incograin.com<\/span><\/strong><\/a><span style=\"color: #333333;\">,<\/span><\/span> nous sommes susceptibles de collecter des donn\u00e9es personnelles vous concernant. Pour toute question relative au traitement des donn\u00e9es personnelles, les personnes concern\u00e9es peuvent adresser un mail en pr\u00e9cisant leur demande \u00e0 contact@axo-com.fr.<\/p>\n<h3><strong>Modalit\u00e9s de traitement et Finalit\u00e9s<\/strong><\/h3>\n<p>Les donn\u00e9es trait\u00e9es par la SARL P\u00d4LE STUDIO sont collect\u00e9es, enregistr\u00e9es et stock\u00e9es en conformit\u00e9 avec les dispositions de la loi relative \u00e0 l\u2019informatique, aux fichiers et aux libert\u00e9s du 6 janvier 1978, ainsi qu\u2019avec les dispositions du R\u00e8glement G\u00e9n\u00e9ral sur la Protection des Donn\u00e9es (RGPD).<\/p>\n<p>Les donn\u00e9es collect\u00e9es correspondent aux informations que vous nous adressez sur les formulaires de contact accessibles en ligne, ou via les cookies d\u00e9pos\u00e9s sur votre navigateur lors de votre visite sur notre site. Dans le cadre de notre activit\u00e9 d\u2019agence de communication, nous sommes \u00e9galement amen\u00e9s \u00e0 acc\u00e9der aux donn\u00e9es en lien avec votre activit\u00e9 professionnelle. Nous pouvons \u00e9galement agir en qualit\u00e9 de sous-traitant, au sens de l\u2019article 4 du RGPD, lorsque nous traitons, \u00e0 votre demande et sous votre contr\u00f4le, les donn\u00e9es de vos clients.<\/p>\n<p>Le traitement de ces donn\u00e9es est n\u00e9cessaire \u00e0 la fourniture des services mentionn\u00e9s sur notre site Internet. Elles nous permettent de r\u00e9pondre aux demandes pour lesquels vous nous avez sollicit\u00e9s.<\/p>\n<h3><strong>Dur\u00e9e de conservation<\/strong><\/h3>\n<p>Les donn\u00e9es sont conserv\u00e9es pour la dur\u00e9e n\u00e9cessaire \u00e0 la fourniture des services propos\u00e9s par la SARL P\u00d4LE STUDIO. Les donn\u00e9es sont conserv\u00e9es pendant toute la dur\u00e9e du contrat qui nous lie ainsi que pendant une dur\u00e9e de trois mois apr\u00e8s la cessation de votre contrat.<\/p>\n<p>Si vous n\u2019\u00eates pas encore client, vos donn\u00e9es sont conserv\u00e9es pendant une dur\u00e9e de 3 ans \u00e0 compter de la date \u00e0 laquelle vous nous avez interrog\u00e9s et vous \u00eates rendus sur notre site, afin de nous permettre de mieux r\u00e9pondre \u00e0 vos questions si vous nous sollicitez \u00e0 nouveau. Les donn\u00e9es sont ensuite archiv\u00e9es et restituables exclusivement dans le cadre d\u2019un contentieux, pendant la dur\u00e9e de la prescription l\u00e9gale.<\/p>\n<h3><strong>Exercice des droits<\/strong><\/h3>\n<p>Chaque personne concern\u00e9e dispose d\u2019un droit d\u2019acc\u00e8s, de modification, de rectification, d\u2019effacement et, le cas \u00e9ch\u00e9ant, de portabilit\u00e9 des donn\u00e9es personnelles la concernant, conform\u00e9ment aux dispositions de la loi relative \u00e0 l\u2019informatique, aux fichiers et aux libert\u00e9s du 6 janvier 1978 dans sa version en vigueur \u00e0 la date des pr\u00e9sentes, et conform\u00e9ment \u00e0 la r\u00e8glementation communautaire.<\/p>\n<p>Le droit d\u2019acc\u00e8s, de modification, de rectification et d\u2019effacement pr\u00e9vu au paragraphe pr\u00e9c\u00e9dent, s\u2019exerce aupr\u00e8s de l\u2019adresse email suivante : contact@axo-com.fr.<\/p>\n<p>Lorsque la demande d\u2019acc\u00e8s, de modification, de rectification ou d\u2019effacement est adress\u00e9e \u00e0 la SARL P\u00d4LE STUDIO en sa qualit\u00e9 de sous-traitant des donn\u00e9es collect\u00e9es par un client, La SARL P\u00d4LE STUDIO applique les modalit\u00e9s pr\u00e9vues par le client, sous r\u00e9serve de leur conformit\u00e9 \u00e0 la r\u00e8glementation applicable et de leur communication pr\u00e9alable.<\/p>\n<p>En cas de difficult\u00e9 en lien avec la gestion de ses donn\u00e9es personnelles, la personne concern\u00e9e a le droit d\u2019introduire une r\u00e9clamation aupr\u00e8s de la CNIL ou aupr\u00e8s de toute autorit\u00e9 de contr\u00f4le comp\u00e9tente.<\/p>\n<h3><strong>Cookies<\/strong><\/h3>\n<p>Des cookies et des traceurs peuvent s\u2019installer automatiquement sur votre logiciel de navigation ou votre terminal, lors de votre acc\u00e8s \u00e0 notre site ou \u00e0 notre application. Un cookie est un \u00e9l\u00e9ment qui ne permet pas d\u2019identifier une personne mais sert \u00e0 enregistrer des informations relatives \u00e0 la navigation de celle-ci sur le site<span color=\"#99cc00\" style=\"color: #99cc00;\">\u00a0<strong><a href=\"https:\/\/xxx.incograin.com\/\">xxx.incograin.com<\/a><\/strong><\/span><\/p>\n<h3><strong>Quels sont les cookies susceptibles d\u2019\u00eatre install\u00e9s lorsque vous visitez notre site ou notre application ?<\/strong><\/h3>\n<p>Dans notre cas, nous utilisons des cookies et des trackeurs afin de vous aider \u00e0 naviguer sur notre site et application, et vous proposer des services mieux adapt\u00e9s \u00e0 vos demandes en connaissant vos habitudes de navigation. Les cookies nous permettent \u00e9galement de disposer d\u2019outils statistiques sur l\u2019usage de notre site et application afin d\u2019am\u00e9liorer ceux-ci r\u00e9guli\u00e8rement.<\/p>\n<h3><strong>Dur\u00e9e de vie des cookies ?<\/strong><\/h3>\n<p>Il existe deux types de cookies : les cookies de session et les cookies persistants. Les cookies de session sont cr\u00e9\u00e9s de mani\u00e8re temporaire dans le sous-dossier de votre navigateur au moment o\u00f9 vous visitez un site web. Une fois que vous quittez le site, le cookie de session est supprim\u00e9.<\/p>\n<p>Les fichiers du cookie persistant restent dans le sous-dossier de votre navigateur et ils sont r\u00e9activ\u00e9s une fois que vous consultez le site web qui a cr\u00e9\u00e9 ce cookie sp\u00e9cifique. Un cookie persistant demeure dans le sous-dossier du navigateur pour la dur\u00e9e d\u00e9finie dans le fichier du cookie. D\u2019une mani\u00e8re g\u00e9n\u00e9rale, la dur\u00e9e de validit\u00e9 d\u2019un cookie est de 13 mois maximum.<\/p>\n<h3><strong>Puis-je refuser le d\u00e9p\u00f4t de cookies sur mon ordinateur ?<\/strong><\/h3>\n<p>Vous n\u2019\u00eates pas oblig\u00e9s d\u2019accepter le d\u00e9p\u00f4t des cookies sur votre terminal. N\u00e9anmoins, nous ne pouvons vous garantir une exp\u00e9rience utilisateur identique si vous proc\u00e9dez \u00e0 la suppression des cookies.<\/p>\n<p>&nbsp;<\/p>\n<h3><strong>Comment proc\u00e9der au param\u00e9trage et \u00e0 la suppression des cookies ?<\/strong><\/h3>\n<p><strong><br \/>Vous pouvez d\u00e9sactiver les cookies via les Navigateurs, voici les liens :<\/strong><\/p>\n<p>Pour Internet Explorer :<span>\u00a0<\/span><a href=\"http:\/\/windows.microsoft.com\/fr-FR\/windows-vista\/Block-or-allow-cookies\">http:\/\/windows.microsoft.com\/fr-FR\/windows-vista\/Block-or-allow-cookies<\/a><br \/>Pour Safari :<span>\u00a0<\/span><a href=\"https:\/\/support.apple.com\/kb\/ph17191?locale=fr_FR&amp;viewlocale=fr_FR\">https:\/\/support.apple.com\/kb\/ph17191?locale=fr_FR&amp;viewlocale=fr_FR<\/a><br \/>Pour Chrome :<span>\u00a0<\/span><a href=\"http:\/\/support.google.com\/chrome\/bin\/answer.py?hl=fr&amp;hlrm=en&amp;answer=95647\">http:\/\/support.google.com\/chrome\/bin\/answer.py?hl=fr&amp;hlrm=en&amp;answer=95647<\/a><br \/>Pour Firefox :<span>\u00a0<\/span><a href=\"https:\/\/support.mozilla.org\/fr\/kb\/activer-desactiver-cookies\">https:\/\/support.mozilla.org\/fr\/kb\/activer-desactiver-cookies<\/a><br \/>Pour Opera:<span>\u00a0<\/span><a href=\"http:\/\/help.opera.com\/Windows\/10.20\/fr\/cookies.html\">http:\/\/help.opera.com\/Windows\/10.20\/fr\/cookies.html<\/a><br \/>Cette configuration diff\u00e8re sur un Terminal mobile ou tablette.<\/p>\n<p>Pour iOS :<span>\u00a0<\/span><a href=\"https:\/\/support.apple.com\/fr-fr\/HT201265\">https:\/\/support.apple.com\/fr-fr\/HT201265<\/a><br \/>Pour Android :<span>\u00a0<\/span><a href=\"http:\/\/www.wikihow.com\/Disable-Cookies#Android_Devices\">http:\/\/www.wikihow.com\/Disable-Cookies#Android_Devices<\/a><br \/>Pour Blackberry :<span>\u00a0<\/span><a href=\"http:\/\/global.blackberry.com\/fr\/legal\/privacy-policy.html#types-info-d\">http:\/\/global.blackberry.com\/fr\/legal\/privacy-policy.html#types-info-d<\/a><br \/>Pour Windows Phone :<span>\u00a0<\/span><a href=\"https:\/\/support.microsoft.com\/fr-fr\/help\/17442\/windows-internet-explorer-delete-manage-cookies\">https:\/\/support.microsoft.com\/fr-fr\/help\/17442\/windows-internet-explorer-delete-manage-cookies<\/a><br \/>Enfin, il est possible de param\u00e9trer le navigateur du Terminal afin que celui-ci envoie un code indiquant aux sites internet qu\u2019on ne souhaite pas \u00eatre suivis. Cette option est commun\u00e9ment appel\u00e9e \u00ab Do Not Track \u00bb.<\/p>\n<p>Pour Internet Explorer :<span>\u00a0<\/span><a href=\"http:\/\/windows.microsoft.com\/fr-fr\/internet-explorer\/use-tracking-protection#ie=ie-11\">http:\/\/windows.microsoft.com\/fr-fr\/internet-explorer\/use-tracking-protection#ie=ie-11<\/a><br \/>Pour Safari :<span>\u00a0<\/span><a href=\"http:\/\/support.apple.com\/kb\/PH11952\">http:\/\/support.apple.com\/kb\/PH11952<\/a><br \/>Pour Chrome :<span>\u00a0<\/span><a href=\"https:\/\/support.google.com\/chrome\/answer\/114836\">https:\/\/support.google.com\/chrome\/answer\/114836<\/a><br \/>Pour Firefox :<span>\u00a0<\/span><a href=\"https:\/\/support.mozilla.org\/fr\/kb\/comment-activer-option-ne-pas-pister\">https:\/\/support.mozilla.org\/fr\/kb\/comment-activer-option-ne-pas-pister<\/a><br \/>Pour Opera :<span>\u00a0<\/span><a href=\"http:\/\/help.opera.com\/Windows\/12.10\/fr\/notrack.html\">http:\/\/help.opera.com\/Windows\/12.10\/fr\/notrack.html<\/a><\/p>\n<p>Attention cependant les param\u00e8tres de r\u00e9glage des navigateurs sont susceptibles d\u2019\u00e9voluer dans le temps<\/p>\n<p>[\/et_pb_text][\/et_pb_column][\/et_pb_row][\/et_pb_section]<\/p>\n","protected":false},"excerpt":{"rendered":"<p>Privacy Policy &nbsp; Introduction la soci\u00e9t\u00e9 SYNDICAT DE PARIS DU COMMERCE ET DES INDUSTRIES DES GRAINS, immatricul\u00e9e au Registre du Commerce et des Soci\u00e9t\u00e9s de\u00a0PARIS sous le num\u00e9ro\u00a0529 882 797\u00a0est amen\u00e9e \u00e0 collecter des donn\u00e9es personnelles dans le cadre de son activit\u00e9 professionnelle. En vous rendant sur notre site Internet xxx.incograin.com, nous sommes susceptibles de [&hellip;]<\/p>\n","protected":false},"author":2,"featured_media":0,"parent":0,"menu_order":0,"comment_status":"closed","ping_status":"closed","template":"","meta":{"_et_pb_use_builder":"on","_et_pb_old_content":"","_et_gb_content_width":"","footnotes":""},"class_list":["post-5895","page","type-page","status-publish","hentry"],"yoast_head":"<!-- This site is optimized with the Yoast SEO plugin v26.9 - https:\/\/yoast.com\/product\/yoast-seo-wordpress\/ -->\n<title>Privacy Policy - Incograin<\/title>\n<meta name=\"robots\" content=\"index, follow, max-snippet:-1, max-image-preview:large, max-video-preview:-1\" \/>\n<link rel=\"canonical\" href=\"https:\/\/www.incograin.com\/index.php\/en\/privacy-policy\/\" \/>\n<meta property=\"og:locale\" content=\"fr_FR\" \/>\n<meta property=\"og:type\" content=\"article\" \/>\n<meta property=\"og:title\" content=\"Privacy Policy - Incograin\" \/>\n<meta property=\"og:description\" content=\"Privacy Policy &nbsp; Introduction la soci\u00e9t\u00e9 SYNDICAT DE PARIS DU COMMERCE ET DES INDUSTRIES DES GRAINS, immatricul\u00e9e au Registre du Commerce et des Soci\u00e9t\u00e9s de\u00a0PARIS sous le num\u00e9ro\u00a0529 882 797\u00a0est amen\u00e9e \u00e0 collecter des donn\u00e9es personnelles dans le cadre de son activit\u00e9 professionnelle. En vous rendant sur notre site Internet xxx.incograin.com, nous sommes susceptibles de [&hellip;]\" \/>\n<meta property=\"og:url\" content=\"https:\/\/www.incograin.com\/index.php\/en\/privacy-policy\/\" \/>\n<meta property=\"og:site_name\" content=\"Incograin\" \/>\n<meta name=\"twitter:card\" content=\"summary_large_image\" \/>\n<meta name=\"twitter:label1\" content=\"Dur\u00e9e de lecture estim\u00e9e\" \/>\n\t<meta name=\"twitter:data1\" content=\"6 minutes\" \/>\n<script type=\"application\/ld+json\" class=\"yoast-schema-graph\">{\"@context\":\"https:\/\/schema.org\",\"@graph\":[{\"@type\":\"WebPage\",\"@id\":\"https:\/\/www.incograin.com\/index.php\/en\/privacy-policy\/\",\"url\":\"https:\/\/www.incograin.com\/index.php\/en\/privacy-policy\/\",\"name\":\"Privacy Policy - Incograin\",\"isPartOf\":{\"@id\":\"https:\/\/www.incograin.com\/#website\"},\"datePublished\":\"2021-06-03T15:34:13+00:00\",\"breadcrumb\":{\"@id\":\"https:\/\/www.incograin.com\/index.php\/en\/privacy-policy\/#breadcrumb\"},\"inLanguage\":\"fr-FR\",\"potentialAction\":[{\"@type\":\"ReadAction\",\"target\":[\"https:\/\/www.incograin.com\/index.php\/en\/privacy-policy\/\"]}]},{\"@type\":\"BreadcrumbList\",\"@id\":\"https:\/\/www.incograin.com\/index.php\/en\/privacy-policy\/#breadcrumb\",\"itemListElement\":[{\"@type\":\"ListItem\",\"position\":1,\"name\":\"Accueil\",\"item\":\"https:\/\/www.incograin.com\/\"},{\"@type\":\"ListItem\",\"position\":2,\"name\":\"Privacy Policy\"}]},{\"@type\":\"WebSite\",\"@id\":\"https:\/\/www.incograin.com\/#website\",\"url\":\"https:\/\/www.incograin.com\/\",\"name\":\"Incograin\",\"description\":\"Syndicat de Paris du commerce et des industries des grains\",\"publisher\":{\"@id\":\"https:\/\/www.incograin.com\/#organization\"},\"potentialAction\":[{\"@type\":\"SearchAction\",\"target\":{\"@type\":\"EntryPoint\",\"urlTemplate\":\"https:\/\/www.incograin.com\/?s={search_term_string}\"},\"query-input\":{\"@type\":\"PropertyValueSpecification\",\"valueRequired\":true,\"valueName\":\"search_term_string\"}}],\"inLanguage\":\"fr-FR\"},{\"@type\":\"Organization\",\"@id\":\"https:\/\/www.incograin.com\/#organization\",\"name\":\"INCOGRAIN\",\"url\":\"https:\/\/www.incograin.com\/\",\"logo\":{\"@type\":\"ImageObject\",\"inLanguage\":\"fr-FR\",\"@id\":\"https:\/\/www.incograin.com\/#\/schema\/logo\/image\/\",\"url\":\"https:\/\/www.incograin.com\/wp-content\/uploads\/2021\/06\/01_Logo_Incograin_Plan-de-travail-1.png\",\"contentUrl\":\"https:\/\/www.incograin.com\/wp-content\/uploads\/2021\/06\/01_Logo_Incograin_Plan-de-travail-1.png\",\"width\":3000,\"height\":3520,\"caption\":\"INCOGRAIN\"},\"image\":{\"@id\":\"https:\/\/www.incograin.com\/#\/schema\/logo\/image\/\"}}]}<\/script>\n<!-- \/ Yoast SEO plugin. -->","yoast_head_json":{"title":"Privacy Policy - Incograin","robots":{"index":"index","follow":"follow","max-snippet":"max-snippet:-1","max-image-preview":"max-image-preview:large","max-video-preview":"max-video-preview:-1"},"canonical":"https:\/\/www.incograin.com\/index.php\/en\/privacy-policy\/","og_locale":"fr_FR","og_type":"article","og_title":"Privacy Policy - Incograin","og_description":"Privacy Policy &nbsp; Introduction la soci\u00e9t\u00e9 SYNDICAT DE PARIS DU COMMERCE ET DES INDUSTRIES DES GRAINS, immatricul\u00e9e au Registre du Commerce et des Soci\u00e9t\u00e9s de\u00a0PARIS sous le num\u00e9ro\u00a0529 882 797\u00a0est amen\u00e9e \u00e0 collecter des donn\u00e9es personnelles dans le cadre de son activit\u00e9 professionnelle. En vous rendant sur notre site Internet xxx.incograin.com, nous sommes susceptibles de [&hellip;]","og_url":"https:\/\/www.incograin.com\/index.php\/en\/privacy-policy\/","og_site_name":"Incograin","twitter_card":"summary_large_image","twitter_misc":{"Dur\u00e9e de lecture estim\u00e9e":"6 minutes"},"schema":{"@context":"https:\/\/schema.org","@graph":[{"@type":"WebPage","@id":"https:\/\/www.incograin.com\/index.php\/en\/privacy-policy\/","url":"https:\/\/www.incograin.com\/index.php\/en\/privacy-policy\/","name":"Privacy Policy - Incograin","isPartOf":{"@id":"https:\/\/www.incograin.com\/#website"},"datePublished":"2021-06-03T15:34:13+00:00","breadcrumb":{"@id":"https:\/\/www.incograin.com\/index.php\/en\/privacy-policy\/#breadcrumb"},"inLanguage":"fr-FR","potentialAction":[{"@type":"ReadAction","target":["https:\/\/www.incograin.com\/index.php\/en\/privacy-policy\/"]}]},{"@type":"BreadcrumbList","@id":"https:\/\/www.incograin.com\/index.php\/en\/privacy-policy\/#breadcrumb","itemListElement":[{"@type":"ListItem","position":1,"name":"Accueil","item":"https:\/\/www.incograin.com\/"},{"@type":"ListItem","position":2,"name":"Privacy Policy"}]},{"@type":"WebSite","@id":"https:\/\/www.incograin.com\/#website","url":"https:\/\/www.incograin.com\/","name":"Incograin","description":"Syndicat de Paris du commerce et des industries des grains","publisher":{"@id":"https:\/\/www.incograin.com\/#organization"},"potentialAction":[{"@type":"SearchAction","target":{"@type":"EntryPoint","urlTemplate":"https:\/\/www.incograin.com\/?s={search_term_string}"},"query-input":{"@type":"PropertyValueSpecification","valueRequired":true,"valueName":"search_term_string"}}],"inLanguage":"fr-FR"},{"@type":"Organization","@id":"https:\/\/www.incograin.com\/#organization","name":"INCOGRAIN","url":"https:\/\/www.incograin.com\/","logo":{"@type":"ImageObject","inLanguage":"fr-FR","@id":"https:\/\/www.incograin.com\/#\/schema\/logo\/image\/","url":"https:\/\/www.incograin.com\/wp-content\/uploads\/2021\/06\/01_Logo_Incograin_Plan-de-travail-1.png","contentUrl":"https:\/\/www.incograin.com\/wp-content\/uploads\/2021\/06\/01_Logo_Incograin_Plan-de-travail-1.png","width":3000,"height":3520,"caption":"INCOGRAIN"},"image":{"@id":"https:\/\/www.incograin.com\/#\/schema\/logo\/image\/"}}]}},"_links":{"self":[{"href":"https:\/\/www.incograin.com\/index.php\/wp-json\/wp\/v2\/pages\/5895","targetHints":{"allow":["GET"]}}],"collection":[{"href":"https:\/\/www.incograin.com\/index.php\/wp-json\/wp\/v2\/pages"}],"about":[{"href":"https:\/\/www.incograin.com\/index.php\/wp-json\/wp\/v2\/types\/page"}],"author":[{"embeddable":true,"href":"https:\/\/www.incograin.com\/index.php\/wp-json\/wp\/v2\/users\/2"}],"replies":[{"embeddable":true,"href":"https:\/\/www.incograin.com\/index.php\/wp-json\/wp\/v2\/comments?post=5895"}],"version-history":[{"count":0,"href":"https:\/\/www.incograin.com\/index.php\/wp-json\/wp\/v2\/pages\/5895\/revisions"}],"wp:attachment":[{"href":"https:\/\/www.incograin.com\/index.php\/wp-json\/wp\/v2\/media?parent=5895"}],"curies":[{"name":"wp","href":"https:\/\/api.w.org\/{rel}","templated":true}]}}